{"id":191,"date":"2025-01-23T22:30:32","date_gmt":"2025-01-23T22:30:32","guid":{"rendered":"https:\/\/paroz-fleurs.ch\/?page_id=191"},"modified":"2026-07-04T18:57:17","modified_gmt":"2026-07-04T18:57:17","slug":"mariage","status":"publish","type":"page","link":"https:\/\/paroz-fleurs.ch\/?page_id=191","title":{"rendered":"Mariage"},"content":{"rendered":"\n<div class=\"wp-block-group alignfull has-global-padding is-layout-constrained wp-container-core-group-is-layout-6 wp-block-group-is-layout-constrained\" style=\"margin-top:0;margin-bottom:0;padding-top:var(--wp--preset--spacing--50);padding-right:var(--wp--preset--spacing--50);padding-bottom:var(--wp--preset--spacing--50);padding-left:var(--wp--preset--spacing--50)\">\n<div class=\"wp-block-group is-vertical is-content-justification-center is-layout-flex wp-container-core-group-is-layout-1 wp-block-group-is-layout-flex\">\n<h2 class=\"wp-block-heading has-text-align-center has-xx-large-font-size\">Nous vous proposons<\/h2>\n\n\n\n<p class=\"has-text-align-center\">Pour ce jour exceptionnel, nous sommes l\u00e0 pour des conseils personnalis\u00e9s.<\/p>\n<\/div>\n\n\n\n<div style=\"height:var(--wp--preset--spacing--30)\" aria-hidden=\"true\" class=\"wp-block-spacer\"><\/div>\n\n\n\n<div class=\"wp-block-columns alignwide is-layout-flex wp-container-core-columns-is-layout-1 wp-block-columns-is-layout-flex\" style=\"padding-right:0;padding-left:0\">\n<div class=\"wp-block-column is-layout-flow wp-block-column-is-layout-flow\">\n<figure class=\"wp-block-image size-full is-style-rounded wp-duotone-unset-2 is-style-rounded--1\"><img loading=\"lazy\" decoding=\"async\" width=\"1613\" height=\"1210\" src=\"https:\/\/paroz-fleurs.ch\/wp-content\/uploads\/2025\/01\/mariee3.jpg\" alt=\"\" class=\"wp-image-153\" style=\"aspect-ratio:1;object-fit:cover\" srcset=\"https:\/\/paroz-fleurs.ch\/wp-content\/uploads\/2025\/01\/mariee3.jpg 1613w, https:\/\/paroz-fleurs.ch\/wp-content\/uploads\/2025\/01\/mariee3-300x225.jpg 300w, https:\/\/paroz-fleurs.ch\/wp-content\/uploads\/2025\/01\/mariee3-1024x768.jpg 1024w, https:\/\/paroz-fleurs.ch\/wp-content\/uploads\/2025\/01\/mariee3-768x576.jpg 768w, https:\/\/paroz-fleurs.ch\/wp-content\/uploads\/2025\/01\/mariee3-1536x1152.jpg 1536w\" sizes=\"auto, (max-width: 1613px) 100vw, 1613px\" \/><\/figure>\n\n\n\n<div class=\"wp-block-group is-vertical is-content-justification-center is-nowrap is-layout-flex wp-container-core-group-is-layout-2 wp-block-group-is-layout-flex\">\n<p class=\"has-text-align-center has-small-font-size\">Bouquet rond<\/p>\n\n\n\n<p class=\"has-text-align-center has-small-font-size\">tons ros\u00e9s<\/p>\n<\/div>\n<\/div>\n\n\n\n<div class=\"wp-block-column is-layout-flow wp-block-column-is-layout-flow\">\n<figure class=\"wp-block-image size-full is-style-rounded wp-duotone-unset-4 is-style-rounded--3\"><img loading=\"lazy\" decoding=\"async\" width=\"2299\" height=\"2560\" src=\"https:\/\/paroz-fleurs.ch\/wp-content\/uploads\/2025\/01\/mariee4-edited-2-scaled.jpg\" alt=\"\" class=\"wp-image-196\" style=\"aspect-ratio:1;object-fit:cover\" srcset=\"https:\/\/paroz-fleurs.ch\/wp-content\/uploads\/2025\/01\/mariee4-edited-2-scaled.jpg 2299w, https:\/\/paroz-fleurs.ch\/wp-content\/uploads\/2025\/01\/mariee4-edited-2-269x300.jpg 269w, https:\/\/paroz-fleurs.ch\/wp-content\/uploads\/2025\/01\/mariee4-edited-2-920x1024.jpg 920w, https:\/\/paroz-fleurs.ch\/wp-content\/uploads\/2025\/01\/mariee4-edited-2-768x855.jpg 768w, https:\/\/paroz-fleurs.ch\/wp-content\/uploads\/2025\/01\/mariee4-edited-2-1380x1536.jpg 1380w, https:\/\/paroz-fleurs.ch\/wp-content\/uploads\/2025\/01\/mariee4-edited-2-1839x2048.jpg 1839w\" sizes=\"auto, (max-width: 2299px) 100vw, 2299px\" \/><\/figure>\n\n\n\n<div class=\"wp-block-group is-vertical is-content-justification-center is-nowrap is-layout-flex wp-container-core-group-is-layout-3 wp-block-group-is-layout-flex\">\n<p class=\"has-text-align-center has-small-font-size\">Bouquet rond<\/p>\n\n\n\n<p class=\"has-text-align-center has-small-font-size\">tons saumons<\/p>\n<\/div>\n<\/div>\n\n\n\n<div class=\"wp-block-column is-layout-flow wp-block-column-is-layout-flow\">\n<figure class=\"wp-block-image size-full is-style-rounded wp-duotone-unset-6 is-style-rounded--5\"><img loading=\"lazy\" decoding=\"async\" width=\"2560\" height=\"1920\" src=\"https:\/\/paroz-fleurs.ch\/wp-content\/uploads\/2025\/01\/20220207_141603-scaled.jpg\" alt=\"\" class=\"wp-image-198\" style=\"aspect-ratio:1;object-fit:cover\" srcset=\"https:\/\/paroz-fleurs.ch\/wp-content\/uploads\/2025\/01\/20220207_141603-scaled.jpg 2560w, https:\/\/paroz-fleurs.ch\/wp-content\/uploads\/2025\/01\/20220207_141603-300x225.jpg 300w, https:\/\/paroz-fleurs.ch\/wp-content\/uploads\/2025\/01\/20220207_141603-1024x768.jpg 1024w, https:\/\/paroz-fleurs.ch\/wp-content\/uploads\/2025\/01\/20220207_141603-768x576.jpg 768w, https:\/\/paroz-fleurs.ch\/wp-content\/uploads\/2025\/01\/20220207_141603-1536x1152.jpg 1536w, https:\/\/paroz-fleurs.ch\/wp-content\/uploads\/2025\/01\/20220207_141603-2048x1536.jpg 2048w\" sizes=\"auto, (max-width: 2560px) 100vw, 2560px\" \/><\/figure>\n\n\n\n<div class=\"wp-block-group is-vertical is-content-justification-center is-nowrap is-layout-flex wp-container-core-group-is-layout-4 wp-block-group-is-layout-flex\">\n<p class=\"has-text-align-center has-small-font-size\">Bouquet rond<\/p>\n\n\n\n<p class=\"has-text-align-center has-small-font-size\">tons ros\u00e9s- saumons<\/p>\n<\/div>\n<\/div>\n\n\n\n<div class=\"wp-block-column is-layout-flow wp-block-column-is-layout-flow\">\n<figure class=\"wp-block-image size-full is-style-rounded wp-duotone-unset-8 is-style-rounded--7\"><img loading=\"lazy\" decoding=\"async\" width=\"935\" height=\"727\" src=\"https:\/\/paroz-fleurs.ch\/wp-content\/uploads\/2025\/01\/bqt-blanc.jpg\" alt=\"\" class=\"wp-image-197\" style=\"aspect-ratio:1;object-fit:cover\" srcset=\"https:\/\/paroz-fleurs.ch\/wp-content\/uploads\/2025\/01\/bqt-blanc.jpg 935w, https:\/\/paroz-fleurs.ch\/wp-content\/uploads\/2025\/01\/bqt-blanc-300x233.jpg 300w, https:\/\/paroz-fleurs.ch\/wp-content\/uploads\/2025\/01\/bqt-blanc-768x597.jpg 768w\" sizes=\"auto, (max-width: 935px) 100vw, 935px\" \/><\/figure>\n\n\n\n<div class=\"wp-block-group is-vertical is-content-justification-center is-nowrap is-layout-flex wp-container-core-group-is-layout-5 wp-block-group-is-layout-flex\">\n<p class=\"has-text-align-center has-small-font-size\">Bouquet rond<\/p>\n\n\n\n<p class=\"has-text-align-center has-small-font-size\">fleurs s\u00e9ch\u00e9es<\/p>\n<\/div>\n<\/div>\n<\/div>\n<\/div>\n\n\n\n<div class=\"wp-block-group alignfull has-global-padding is-layout-constrained wp-container-core-group-is-layout-12 wp-block-group-is-layout-constrained\" style=\"margin-top:0;margin-bottom:0;padding-top:var(--wp--preset--spacing--50);padding-right:var(--wp--preset--spacing--50);padding-bottom:var(--wp--preset--spacing--50);padding-left:var(--wp--preset--spacing--50)\">\n<div class=\"wp-block-group is-vertical is-content-justification-center is-layout-flex wp-container-core-group-is-layout-7 wp-block-group-is-layout-flex\">\n<p class=\"has-text-align-center\">Une d\u00e9coration de voiture sera personnalis\u00e9e aussi : au style du mariage et \u00e0 la voiture .. et pareil pour l&rsquo;\u00e9glise et le banquet.<\/p>\n<\/div>\n\n\n\n<div style=\"height:var(--wp--preset--spacing--30)\" aria-hidden=\"true\" class=\"wp-block-spacer\"><\/div>\n\n\n\n<div class=\"wp-block-columns alignwide is-layout-flex wp-container-core-columns-is-layout-2 wp-block-columns-is-layout-flex\" style=\"padding-right:0;padding-left:0\">\n<div class=\"wp-block-column is-layout-flow wp-block-column-is-layout-flow\">\n<figure class=\"wp-block-image size-full is-style-rounded wp-duotone-unset-10 is-style-rounded--9\"><img loading=\"lazy\" decoding=\"async\" width=\"1977\" height=\"2560\" src=\"https:\/\/paroz-fleurs.ch\/wp-content\/uploads\/2025\/05\/voiture1-scaled.jpg\" alt=\"\" class=\"wp-image-364\" style=\"aspect-ratio:1;object-fit:cover\" srcset=\"https:\/\/paroz-fleurs.ch\/wp-content\/uploads\/2025\/05\/voiture1-scaled.jpg 1977w, https:\/\/paroz-fleurs.ch\/wp-content\/uploads\/2025\/05\/voiture1-232x300.jpg 232w, https:\/\/paroz-fleurs.ch\/wp-content\/uploads\/2025\/05\/voiture1-791x1024.jpg 791w, https:\/\/paroz-fleurs.ch\/wp-content\/uploads\/2025\/05\/voiture1-768x994.jpg 768w, https:\/\/paroz-fleurs.ch\/wp-content\/uploads\/2025\/05\/voiture1-1186x1536.jpg 1186w, https:\/\/paroz-fleurs.ch\/wp-content\/uploads\/2025\/05\/voiture1-1582x2048.jpg 1582w\" sizes=\"auto, (max-width: 1977px) 100vw, 1977px\" \/><\/figure>\n\n\n\n<div class=\"wp-block-group is-vertical is-content-justification-center is-nowrap is-layout-flex wp-container-core-group-is-layout-8 wp-block-group-is-layout-flex\">\n<p class=\"has-text-align-center has-small-font-size\">D\u00e9coration de voiture<\/p>\n<\/div>\n<\/div>\n\n\n\n<div class=\"wp-block-column is-layout-flow wp-block-column-is-layout-flow\">\n<figure class=\"wp-block-image size-full is-style-rounded wp-duotone-unset-12 is-style-rounded--11\"><img loading=\"lazy\" decoding=\"async\" width=\"1978\" height=\"2560\" src=\"https:\/\/paroz-fleurs.ch\/wp-content\/uploads\/2025\/05\/voiture1-edited-scaled.jpg\" alt=\"\" class=\"wp-image-365\" style=\"aspect-ratio:1;object-fit:cover\" srcset=\"https:\/\/paroz-fleurs.ch\/wp-content\/uploads\/2025\/05\/voiture1-edited-scaled.jpg 1978w, https:\/\/paroz-fleurs.ch\/wp-content\/uploads\/2025\/05\/voiture1-edited-232x300.jpg 232w, https:\/\/paroz-fleurs.ch\/wp-content\/uploads\/2025\/05\/voiture1-edited-791x1024.jpg 791w, https:\/\/paroz-fleurs.ch\/wp-content\/uploads\/2025\/05\/voiture1-edited-768x994.jpg 768w, https:\/\/paroz-fleurs.ch\/wp-content\/uploads\/2025\/05\/voiture1-edited-1187x1536.jpg 1187w, https:\/\/paroz-fleurs.ch\/wp-content\/uploads\/2025\/05\/voiture1-edited-1582x2048.jpg 1582w\" sizes=\"auto, (max-width: 1978px) 100vw, 1978px\" \/><\/figure>\n\n\n\n<div class=\"wp-block-group is-vertical is-content-justification-center is-nowrap is-layout-flex wp-container-core-group-is-layout-9 wp-block-group-is-layout-flex\"><\/div>\n<\/div>\n\n\n\n<div class=\"wp-block-column is-layout-flow wp-block-column-is-layout-flow\">\n<figure class=\"wp-block-image size-full is-style-rounded wp-duotone-unset-14 is-style-rounded--13\"><img loading=\"lazy\" decoding=\"async\" width=\"1790\" height=\"2560\" src=\"https:\/\/paroz-fleurs.ch\/wp-content\/uploads\/2025\/05\/decoration-eglise-scaled.jpg\" alt=\"\" class=\"wp-image-366\" style=\"aspect-ratio:1;object-fit:cover\" srcset=\"https:\/\/paroz-fleurs.ch\/wp-content\/uploads\/2025\/05\/decoration-eglise-scaled.jpg 1790w, https:\/\/paroz-fleurs.ch\/wp-content\/uploads\/2025\/05\/decoration-eglise-210x300.jpg 210w, https:\/\/paroz-fleurs.ch\/wp-content\/uploads\/2025\/05\/decoration-eglise-716x1024.jpg 716w, https:\/\/paroz-fleurs.ch\/wp-content\/uploads\/2025\/05\/decoration-eglise-768x1099.jpg 768w, https:\/\/paroz-fleurs.ch\/wp-content\/uploads\/2025\/05\/decoration-eglise-1074x1536.jpg 1074w, https:\/\/paroz-fleurs.ch\/wp-content\/uploads\/2025\/05\/decoration-eglise-1432x2048.jpg 1432w\" sizes=\"auto, (max-width: 1790px) 100vw, 1790px\" \/><\/figure>\n\n\n\n<div class=\"wp-block-group is-vertical is-content-justification-center is-nowrap is-layout-flex wp-container-core-group-is-layout-10 wp-block-group-is-layout-flex\">\n<p class=\"has-text-align-center has-small-font-size\">D\u00e9coration de banquet<\/p>\n\n\n\n<p class=\"has-text-align-center has-small-font-size\">ou d&rsquo;\u00e9glise<\/p>\n<\/div>\n<\/div>\n\n\n\n<div class=\"wp-block-column is-layout-flow wp-block-column-is-layout-flow\">\n<figure class=\"wp-block-image size-full is-style-rounded wp-duotone-unset-16 is-style-rounded--15\"><img loading=\"lazy\" decoding=\"async\" width=\"1031\" height=\"967\" src=\"https:\/\/paroz-fleurs.ch\/wp-content\/uploads\/2025\/05\/voiture3.jpg\" alt=\"\" class=\"wp-image-375\" style=\"aspect-ratio:1;object-fit:cover\" srcset=\"https:\/\/paroz-fleurs.ch\/wp-content\/uploads\/2025\/05\/voiture3.jpg 1031w, https:\/\/paroz-fleurs.ch\/wp-content\/uploads\/2025\/05\/voiture3-300x281.jpg 300w, https:\/\/paroz-fleurs.ch\/wp-content\/uploads\/2025\/05\/voiture3-1024x960.jpg 1024w, https:\/\/paroz-fleurs.ch\/wp-content\/uploads\/2025\/05\/voiture3-768x720.jpg 768w\" sizes=\"auto, (max-width: 1031px) 100vw, 1031px\" \/><\/figure>\n\n\n\n<div class=\"wp-block-group is-vertical is-content-justification-center is-nowrap is-layout-flex wp-container-core-group-is-layout-11 wp-block-group-is-layout-flex\">\n<p class=\"has-text-align-center has-small-font-size\">D\u00e9coration sobre pour voiture<\/p>\n<\/div>\n<\/div>\n<\/div>\n<\/div>\n\n\n\n<p>Bouquet de la mari\u00e9e et boutonni\u00e8re du mari\u00e9, d\u00e9coration pour la voiture, le banquet, les tables , tout est faisable!<\/p>\n\n\n\n<p>Nous nous r\u00e9jouissons de pouvoir vous conseiller: 032 481 23 10<\/p>\n","protected":false},"excerpt":{"rendered":"<p>Nous vous proposons Pour ce jour exceptionnel, nous sommes l\u00e0 pour des conseils personnalis\u00e9s. Bouquet rond tons ros\u00e9s Bouquet rond tons saumons Bouquet rond tons ros\u00e9s- saumons Bouquet rond fleurs s\u00e9ch\u00e9es Une d\u00e9coration de voiture sera personnalis\u00e9e aussi : au style du mariage et \u00e0 la voiture .. et pareil pour l&rsquo;\u00e9glise et le banquet. [&hellip;]<\/p>\n","protected":false},"author":1,"featured_media":0,"parent":99,"menu_order":1,"comment_status":"closed","ping_status":"closed","template":"","meta":{"footnotes":""},"class_list":["post-191","page","type-page","status-publish","hentry"],"_links":{"self":[{"href":"https:\/\/paroz-fleurs.ch\/index.php?rest_route=\/wp\/v2\/pages\/191","targetHints":{"allow":["GET"]}}],"collection":[{"href":"https:\/\/paroz-fleurs.ch\/index.php?rest_route=\/wp\/v2\/pages"}],"about":[{"href":"https:\/\/paroz-fleurs.ch\/index.php?rest_route=\/wp\/v2\/types\/page"}],"author":[{"embeddable":true,"href":"https:\/\/paroz-fleurs.ch\/index.php?rest_route=\/wp\/v2\/users\/1"}],"replies":[{"embeddable":true,"href":"https:\/\/paroz-fleurs.ch\/index.php?rest_route=%2Fwp%2Fv2%2Fcomments&post=191"}],"version-history":[{"count":8,"href":"https:\/\/paroz-fleurs.ch\/index.php?rest_route=\/wp\/v2\/pages\/191\/revisions"}],"predecessor-version":[{"id":612,"href":"https:\/\/paroz-fleurs.ch\/index.php?rest_route=\/wp\/v2\/pages\/191\/revisions\/612"}],"up":[{"embeddable":true,"href":"https:\/\/paroz-fleurs.ch\/index.php?rest_route=\/wp\/v2\/pages\/99"}],"wp:attachment":[{"href":"https:\/\/paroz-fleurs.ch\/index.php?rest_route=%2Fwp%2Fv2%2Fmedia&parent=191"}],"curies":[{"name":"wp","href":"https:\/\/api.w.org\/{rel}","templated":true}]}}