{"id":20,"date":"2025-01-18T18:22:54","date_gmt":"2025-01-18T18:22:54","guid":{"rendered":"https:\/\/paroz-fleurs.ch\/?page_id=20"},"modified":"2026-08-13T12:51:56","modified_gmt":"2026-08-13T12:51:56","slug":"livraisons","status":"publish","type":"page","link":"https:\/\/paroz-fleurs.ch\/?page_id=20","title":{"rendered":"Livraisons, r\u00e9servations"},"content":{"rendered":"\n<div class=\"wp-block-group alignfull has-accent-background-color has-background is-nowrap is-layout-flex wp-container-core-group-is-layout-3 wp-block-group-is-layout-flex\" style=\"margin-top:0;margin-bottom:0;padding-top:var(--wp--preset--spacing--50);padding-right:var(--wp--preset--spacing--50);padding-bottom:var(--wp--preset--spacing--50);padding-left:var(--wp--preset--spacing--50)\">\n<div class=\"wp-block-columns alignwide is-layout-flex wp-container-core-columns-is-layout-1 wp-block-columns-is-layout-flex\">\n<div class=\"wp-block-column is-vertically-aligned-stretch is-layout-flow wp-block-column-is-layout-flow\" style=\"flex-basis:100%\">\n<div class=\"wp-block-group is-vertical is-content-justification-stretch is-layout-flex wp-container-core-group-is-layout-2 wp-block-group-is-layout-flex\" style=\"min-height:100%\">\n<p>Ci-dessous le formulaire pour passer la commande chez nous directement: soit pour venir retirer au magasin, soit pour faire livrer.<\/p>\n\n\n\n<h3 class=\"wp-block-heading\">Important:<\/h3>\n\n\n\n<ul class=\"wp-block-list\">\n<li>Nous vous envoyons toujours un mail de confirmation et remerciement, ceci vous confirme la bonne r\u00e9ception de la commande\u2026 si votre commande nous parvient apr\u00e8s 13h, elle ne sera peut-\u00eatre plus livr\u00e9e le m\u00eame jour.<\/li>\n\n\n\n<li>P\u00e9rim\u00e8tre de livraison: Tavannes (FRS:6.50), Reconvilier (FRS:9.-)\u2026&nbsp;jusqu\u2019\u00e0 Tramelan (FRS: 15.-), Court (FRS:20.-), etc. <\/li>\n\n\n\n<li>Si le formulaire n\u2019est pas rempli correctement, nous vous t\u00e9l\u00e9phonons; sans nouvelle de votre part, nous nous permettrons de ne pas livrer votre commande.<\/li>\n\n\n\n<li>Nous livrons du lundi au samedi. <\/li>\n<\/ul>\n\n\n\n<p>Nous vous remercions d\u00e9j\u00e0!<\/p>\n\n\n\n<div class=\"wp-block-group is-nowrap is-layout-flex wp-container-core-group-is-layout-1 wp-block-group-is-layout-flex\">\n<p>Un choix de roses (Dans la limite du stock disponible) roses rouges, pink, blanches et oranges voir ci-dessous:<\/p>\n<\/div>\n<\/div>\n<\/div>\n<\/div>\n<\/div>\n\n\n\n<div class=\"wp-block-media-text is-stacked-on-mobile\"><figure class=\"wp-block-media-text__media\"><img loading=\"lazy\" decoding=\"async\" width=\"768\" height=\"712\" src=\"https:\/\/paroz-fleurs.ch\/wp-content\/uploads\/2025\/01\/silentoi.jpg\" alt=\"\" class=\"wp-image-83 size-full\" srcset=\"https:\/\/paroz-fleurs.ch\/wp-content\/uploads\/2025\/01\/silentoi.jpg 768w, https:\/\/paroz-fleurs.ch\/wp-content\/uploads\/2025\/01\/silentoi-300x278.jpg 300w\" sizes=\"auto, (max-width: 768px) 100vw, 768px\" \/><\/figure><div class=\"wp-block-media-text__content\">\n<p>Cette rose se nomme Silento\u00ef. Nous la recevons plusieurs fois par semaine.<\/p>\n<\/div><\/div>\n\n\n\n<div class=\"wp-block-media-text is-stacked-on-mobile\"><figure class=\"wp-block-media-text__media\"><img loading=\"lazy\" decoding=\"async\" width=\"768\" height=\"768\" src=\"https:\/\/paroz-fleurs.ch\/wp-content\/uploads\/2025\/01\/red-naomi.jpg\" alt=\"\" class=\"wp-image-231 size-full\" srcset=\"https:\/\/paroz-fleurs.ch\/wp-content\/uploads\/2025\/01\/red-naomi.jpg 768w, https:\/\/paroz-fleurs.ch\/wp-content\/uploads\/2025\/01\/red-naomi-300x300.jpg 300w, https:\/\/paroz-fleurs.ch\/wp-content\/uploads\/2025\/01\/red-naomi-150x150.jpg 150w\" sizes=\"auto, (max-width: 768px) 100vw, 768px\" \/><\/figure><div class=\"wp-block-media-text__content\">\n<p>Je vous pr\u00e9sente la rose Red Naomi .. une magnifique rose rouge. Nous ne la r\u00e9servons pas toutes les semaines&#8230; Nous proposons plus souvent la rose Explorer qui a un plus petit bouton.<\/p>\n<\/div><\/div>\n\n\n\n<div class=\"wp-block-media-text is-stacked-on-mobile\"><figure class=\"wp-block-media-text__media\"><img loading=\"lazy\" decoding=\"async\" width=\"881\" height=\"1024\" src=\"https:\/\/paroz-fleurs.ch\/wp-content\/uploads\/2026\/07\/tons-roses-881x1024.jpg\" alt=\"\" class=\"wp-image-576 size-full\" srcset=\"https:\/\/paroz-fleurs.ch\/wp-content\/uploads\/2026\/07\/tons-roses-881x1024.jpg 881w, https:\/\/paroz-fleurs.ch\/wp-content\/uploads\/2026\/07\/tons-roses-258x300.jpg 258w, https:\/\/paroz-fleurs.ch\/wp-content\/uploads\/2026\/07\/tons-roses-768x892.jpg 768w, https:\/\/paroz-fleurs.ch\/wp-content\/uploads\/2026\/07\/tons-roses-1322x1536.jpg 1322w, https:\/\/paroz-fleurs.ch\/wp-content\/uploads\/2026\/07\/tons-roses.jpg 1329w\" sizes=\"auto, (max-width: 881px) 100vw, 881px\" \/><\/figure><div class=\"wp-block-media-text__content\">\n<p>Le bouquet de fleurs m\u00e9lange qui sent bon l&rsquo;\u00e9t\u00e9!! Il est vari\u00e9 et contient plusieurs sortes de fleurs. En \u00e9t\u00e9 nous privil\u00e9gions les fleurs de culture suisse.<\/p>\n<\/div><\/div>\n\n\n\n<p class=\"has-medium-font-size\">Bouquets rond de roses m\u00e9langes. Tr\u00e8s appr\u00e9ci\u00e9 et tendance! Compter Frs: 55.- pour un bouquet de 9 roses et accompagnements.<\/p>\n\n\n\n<figure class=\"wp-block-gallery has-nested-images columns-default is-cropped wp-block-gallery-2 is-layout-flex wp-block-gallery-is-layout-flex\">\n<figure class=\"wp-block-image size-full wp-duotone-unset-1\"><img loading=\"lazy\" decoding=\"async\" width=\"2560\" height=\"2464\" data-id=\"252\" src=\"https:\/\/paroz-fleurs.ch\/wp-content\/uploads\/2025\/01\/20250119_234426-scaled.jpg\" alt=\"\" class=\"wp-image-252\" srcset=\"https:\/\/paroz-fleurs.ch\/wp-content\/uploads\/2025\/01\/20250119_234426-scaled.jpg 2560w, https:\/\/paroz-fleurs.ch\/wp-content\/uploads\/2025\/01\/20250119_234426-300x289.jpg 300w, https:\/\/paroz-fleurs.ch\/wp-content\/uploads\/2025\/01\/20250119_234426-1024x986.jpg 1024w, https:\/\/paroz-fleurs.ch\/wp-content\/uploads\/2025\/01\/20250119_234426-768x739.jpg 768w, https:\/\/paroz-fleurs.ch\/wp-content\/uploads\/2025\/01\/20250119_234426-1536x1478.jpg 1536w, https:\/\/paroz-fleurs.ch\/wp-content\/uploads\/2025\/01\/20250119_234426-2048x1971.jpg 2048w\" sizes=\"auto, (max-width: 2560px) 100vw, 2560px\" \/><\/figure>\n<\/figure>\n\n\n\n<div style=\"height:9px\" aria-hidden=\"true\" class=\"wp-block-spacer\"><\/div>\n\n\n\n<p>Nous avons toujours en magasin: Orchid\u00e9es, d\u00e9corations avec roses stabilis\u00e9es, arrangements piqu\u00e9s avec tournesols de saison.<\/p>\n\n\n\n<figure class=\"wp-block-gallery has-nested-images columns-default is-cropped wp-block-gallery-6 is-layout-flex wp-block-gallery-is-layout-flex\">\n<figure class=\"wp-block-image size-full wp-duotone-unset-3\"><img loading=\"lazy\" decoding=\"async\" width=\"591\" height=\"443\" data-id=\"168\" src=\"https:\/\/paroz-fleurs.ch\/wp-content\/uploads\/2025\/01\/20210825_085726.jpg\" alt=\"\" class=\"wp-image-168\" srcset=\"https:\/\/paroz-fleurs.ch\/wp-content\/uploads\/2025\/01\/20210825_085726.jpg 591w, https:\/\/paroz-fleurs.ch\/wp-content\/uploads\/2025\/01\/20210825_085726-300x225.jpg 300w\" sizes=\"auto, (max-width: 591px) 100vw, 591px\" \/><\/figure>\n\n\n\n<figure class=\"wp-block-image size-full wp-duotone-unset-4\"><img loading=\"lazy\" decoding=\"async\" width=\"650\" height=\"649\" data-id=\"237\" src=\"https:\/\/paroz-fleurs.ch\/wp-content\/uploads\/2025\/01\/1000113439.jpg\" alt=\"\" class=\"wp-image-237\" srcset=\"https:\/\/paroz-fleurs.ch\/wp-content\/uploads\/2025\/01\/1000113439.jpg 650w, https:\/\/paroz-fleurs.ch\/wp-content\/uploads\/2025\/01\/1000113439-300x300.jpg 300w, https:\/\/paroz-fleurs.ch\/wp-content\/uploads\/2025\/01\/1000113439-150x150.jpg 150w\" sizes=\"auto, (max-width: 650px) 100vw, 650px\" \/><\/figure>\n\n\n\n<figure class=\"wp-block-image size-full wp-duotone-unset-5\"><img loading=\"lazy\" decoding=\"async\" width=\"400\" height=\"400\" data-id=\"405\" src=\"https:\/\/paroz-fleurs.ch\/wp-content\/uploads\/2025\/08\/AC-451_400.jpg\" alt=\"\" class=\"wp-image-405\" srcset=\"https:\/\/paroz-fleurs.ch\/wp-content\/uploads\/2025\/08\/AC-451_400.jpg 400w, https:\/\/paroz-fleurs.ch\/wp-content\/uploads\/2025\/08\/AC-451_400-300x300.jpg 300w, https:\/\/paroz-fleurs.ch\/wp-content\/uploads\/2025\/08\/AC-451_400-150x150.jpg 150w\" sizes=\"auto, (max-width: 400px) 100vw, 400px\" \/><\/figure>\n<\/figure>\n\n\n\n<div style=\"height:9px\" aria-hidden=\"true\" class=\"wp-block-spacer\"><\/div>\n\n\n\n<p>Ci-dessous un formulaire pour passer commande.<strong> S&rsquo;il vous pla\u00eet: contr\u00f4lez bien votre mail sinon nous ne pourrons pas vous r\u00e9pondre.<\/strong><\/p>\n\n\n\n<p>Moyen de paiement: voici notre nouveau code TWINT : vous pourrez y inscrire votre nom, localit\u00e9, et un message pour nous dire de quelle commande il s&rsquo;agit.<\/p>\n\n\n\n<figure class=\"wp-block-image aligncenter size-full is-resized wp-duotone-21211c-a5a883-7\"><img loading=\"lazy\" decoding=\"async\" width=\"298\" height=\"449\" src=\"https:\/\/paroz-fleurs.ch\/wp-content\/uploads\/2025\/01\/twint-nouv.jpg\" alt=\"\" class=\"wp-image-73\" style=\"width:246px;height:auto\" srcset=\"https:\/\/paroz-fleurs.ch\/wp-content\/uploads\/2025\/01\/twint-nouv.jpg 298w, https:\/\/paroz-fleurs.ch\/wp-content\/uploads\/2025\/01\/twint-nouv-199x300.jpg 199w\" sizes=\"auto, (max-width: 298px) 100vw, 298px\" \/><\/figure>\n\n\n\n<div style=\"height:23px\" aria-hidden=\"true\" class=\"wp-block-spacer\"><\/div>\n\n\n\n<div class=\"wp-block-group has-global-padding is-layout-constrained wp-block-group-is-layout-constrained\">\n<div class=\"wp-block-group has-global-padding is-layout-constrained wp-block-group-is-layout-constrained\">\n<h3 class=\"wp-block-heading has-medium-font-size\">Ou notre IBAN ci-dessous<\/h3>\n<\/div>\n\n\n\n<p class=\"has-medium-font-size\">Iban: CH16 0900 0000 1709 2530 4<\/p>\n\n\n\n<h5 class=\"wp-block-heading\">PAROZ FLEURS<\/h5>\n\n\n\n<h5 class=\"wp-block-heading\">Gare 2<\/h5>\n\n\n\n<h5 class=\"wp-block-heading\">2710 Tavannes<\/h5>\n<\/div>\n\n\n\n<div class=\"wpcf7 no-js\" id=\"wpcf7-f279-o1\" lang=\"fr-FR\" dir=\"ltr\" data-wpcf7-id=\"279\">\n<div class=\"screen-reader-response\"><p role=\"status\" aria-live=\"polite\" aria-atomic=\"true\"><\/p> <ul><\/ul><\/div>\n<form action=\"\/index.php?rest_route=%2Fwp%2Fv2%2Fpages%2F20#wpcf7-f279-o1\" method=\"post\" class=\"wpcf7-form init\" aria-label=\"Formulaire de contact\" novalidate=\"novalidate\" data-status=\"init\">\n<fieldset class=\"hidden-fields-container\"><input type=\"hidden\" name=\"_wpcf7\" value=\"279\" \/><input type=\"hidden\" name=\"_wpcf7_version\" value=\"6.1.7\" \/><input type=\"hidden\" name=\"_wpcf7_locale\" value=\"fr_FR\" \/><input type=\"hidden\" name=\"_wpcf7_unit_tag\" value=\"wpcf7-f279-o1\" \/><input type=\"hidden\" name=\"_wpcf7_container_post\" value=\"0\" \/><input type=\"hidden\" name=\"_wpcf7_posted_data_hash\" value=\"\" \/>\n<\/fieldset>\n<p><label> Votre nom (obligatoire)<br \/>\n<span class=\"wpcf7-form-control-wrap\" data-name=\"your-name\"><input size=\"40\" maxlength=\"400\" class=\"wpcf7-form-control wpcf7-text wpcf7-validates-as-required\" autocomplete=\"name\" aria-required=\"true\" aria-invalid=\"false\" value=\"\" type=\"text\" name=\"your-name\" \/><\/span> <\/label>\n<\/p>\n<p><label> Votre e-mail (obligatoire)<br \/>\n<span class=\"wpcf7-form-control-wrap\" data-name=\"your-email\"><input size=\"40\" maxlength=\"400\" class=\"wpcf7-form-control wpcf7-email wpcf7-validates-as-required wpcf7-text wpcf7-validates-as-email\" autocomplete=\"email\" aria-required=\"true\" aria-invalid=\"false\" value=\"\" type=\"email\" name=\"your-email\" \/><\/span> <\/label>\n<\/p>\n<p><label> Date de retrait ou livraison<br \/>\n<span class=\"wpcf7-form-control-wrap\" data-name=\"your-subject\"><input size=\"40\" maxlength=\"400\" class=\"wpcf7-form-control wpcf7-text wpcf7-validates-as-required\" aria-required=\"true\" aria-invalid=\"false\" value=\"\" type=\"text\" name=\"your-subject\" \/><\/span> <\/label>\n<\/p>\n<p><label> Votre commande, prix et texte de la carte<br \/>\n<span class=\"wpcf7-form-control-wrap\" data-name=\"your-message1\"><textarea cols=\"40\" rows=\"10\" maxlength=\"2000\" class=\"wpcf7-form-control wpcf7-textarea\" aria-invalid=\"false\" name=\"your-message1\"><\/textarea><\/span> <\/label>\n<\/p>\n<p><label> Nom, adresse et no de t\u00e9l\u00e9phone pour la LIVRAISON<br \/>\n<span class=\"wpcf7-form-control-wrap\" data-name=\"your-message2\"><textarea cols=\"40\" rows=\"10\" maxlength=\"2000\" class=\"wpcf7-form-control wpcf7-textarea\" aria-invalid=\"false\" name=\"your-message2\"><\/textarea><\/span> <\/label>\n<\/p>\n<p><label> Moyen de paiement choisi (twint ou IBAN) ou votre adresse pour la facture<br \/>\n<span class=\"wpcf7-form-control-wrap\" data-name=\"your-message3\"><textarea cols=\"40\" rows=\"10\" maxlength=\"2000\" class=\"wpcf7-form-control wpcf7-textarea\" aria-invalid=\"false\" name=\"your-message3\"><\/textarea><\/span> <\/label>\n<\/p>\n<p><input class=\"wpcf7-form-control wpcf7-submit has-spinner\" type=\"submit\" value=\"Envoyer\" \/>\n<\/p><div class=\"wpcf7-response-output\" aria-hidden=\"true\"><\/div>\n<\/form>\n<\/div>\n\n\n\n\n<h2 class=\"wp-block-heading has-text-align-center has-allura-font-family has-x-large-font-size\">Merci de nous choisir!<\/h2>\n\n\n\n<p><a href=\"http:\/\/www.paroz-fleurs.ch\">Retour page d&rsquo;accueil<\/a><\/p>\n","protected":false},"excerpt":{"rendered":"<p>Ci-dessous le formulaire pour passer la commande chez nous directement: soit pour venir retirer au magasin, soit pour faire livrer. Important: Nous vous remercions d\u00e9j\u00e0! Un choix de roses (Dans la limite du stock disponible) roses rouges, pink, blanches et oranges voir ci-dessous: Cette rose se nomme Silento\u00ef. Nous la recevons plusieurs fois par semaine. [&hellip;]<\/p>\n","protected":false},"author":1,"featured_media":0,"parent":0,"menu_order":2,"comment_status":"closed","ping_status":"closed","template":"","meta":{"footnotes":""},"class_list":["post-20","page","type-page","status-publish","hentry"],"_links":{"self":[{"href":"https:\/\/paroz-fleurs.ch\/index.php?rest_route=\/wp\/v2\/pages\/20","targetHints":{"allow":["GET"]}}],"collection":[{"href":"https:\/\/paroz-fleurs.ch\/index.php?rest_route=\/wp\/v2\/pages"}],"about":[{"href":"https:\/\/paroz-fleurs.ch\/index.php?rest_route=\/wp\/v2\/types\/page"}],"author":[{"embeddable":true,"href":"https:\/\/paroz-fleurs.ch\/index.php?rest_route=\/wp\/v2\/users\/1"}],"replies":[{"embeddable":true,"href":"https:\/\/paroz-fleurs.ch\/index.php?rest_route=%2Fwp%2Fv2%2Fcomments&post=20"}],"version-history":[{"count":63,"href":"https:\/\/paroz-fleurs.ch\/index.php?rest_route=\/wp\/v2\/pages\/20\/revisions"}],"predecessor-version":[{"id":681,"href":"https:\/\/paroz-fleurs.ch\/index.php?rest_route=\/wp\/v2\/pages\/20\/revisions\/681"}],"wp:attachment":[{"href":"https:\/\/paroz-fleurs.ch\/index.php?rest_route=%2Fwp%2Fv2%2Fmedia&parent=20"}],"curies":[{"name":"wp","href":"https:\/\/api.w.org\/{rel}","templated":true}]}}